{"id":642,"date":"2023-01-14T13:40:19","date_gmt":"2023-01-14T13:40:19","guid":{"rendered":"https:\/\/www.iberiacargt.com\/?page_id=642"},"modified":"2023-01-15T13:28:27","modified_gmt":"2023-01-15T13:28:27","slug":"mercedes-benz-e-class","status":"publish","type":"page","link":"https:\/\/www.iberiacargt.com\/en\/rental-width-driver\/mercedes-benz-e-class","title":{"rendered":"Mercedes Benz E Class"},"content":{"rendered":"<p>[et_pb_section fb_built=&#8221;1&#8243; module_id=&#8221;id1&#8243; module_class=&#8221;cl1&#8243; _builder_version=&#8221;4.17.4&#8243; _module_preset=&#8221;default&#8221; module_alignment=&#8221;center&#8221; custom_margin=&#8221;0px|0px|0px|0px|false|false&#8221; custom_padding=&#8221;0px|0px|0px|0px|false|false&#8221; global_colors_info=&#8221;{}&#8221;][et_pb_row _builder_version=&#8221;4.17.4&#8243; _module_preset=&#8221;default&#8221; width=&#8221;100%&#8221; border_width_all=&#8221;4px&#8221; border_color_all=&#8221;#e9e9e9&#8243; global_colors_info=&#8221;{}&#8221;][et_pb_column type=&#8221;4_4&#8243; _builder_version=&#8221;4.17.4&#8243; _module_preset=&#8221;default&#8221; global_colors_info=&#8221;{}&#8221;][et_pb_image src=&#8221;https:\/\/www.iberiacargt.com\/wp-content\/uploads\/2023\/01\/alquiler-de-coches-con-conductor-6-plazas.jpg&#8221; alt=&#8221;Alquiler de coches con conductor&#8221; title_text=&#8221;alquiler-de-coches-con-conductor-6-plazas&#8221; _builder_version=&#8221;4.17.4&#8243; _module_preset=&#8221;default&#8221; global_colors_info=&#8221;{}&#8221;][\/et_pb_image][\/et_pb_column][\/et_pb_row][et_pb_row _builder_version=&#8221;4.17.4&#8243; _module_preset=&#8221;default&#8221; global_colors_info=&#8221;{}&#8221;][et_pb_column type=&#8221;4_4&#8243; _builder_version=&#8221;4.17.4&#8243; _module_preset=&#8221;default&#8221; global_colors_info=&#8221;{}&#8221;][et_pb_text _builder_version=&#8221;4.17.4&#8243; _module_preset=&#8221;default&#8221; text_font=&#8221;Arial||||||||&#8221; text_text_color=&#8221;#9c9c9c&#8221; header_font=&#8221;Arial||||||||&#8221; header_text_color=&#8221;#585858&#8243; header_font_size=&#8221;34px&#8221; custom_margin=&#8221;20px|0px|0px|0px|false|false&#8221; custom_padding=&#8221;0px|0px|0px|0px|false|false&#8221; header_font_size_tablet=&#8221;32px&#8221; header_font_size_phone=&#8221;30px&#8221; header_font_size_last_edited=&#8221;on|desktop&#8221; global_colors_info=&#8221;{}&#8221;]<\/p>\n<h1 style=\"text-align: center;\">MERCEDES BENZ E CLASS<\/h1>\n<p>[\/et_pb_text][et_pb_text _builder_version=&#8221;4.17.4&#8243; _module_preset=&#8221;default&#8221; text_font=&#8221;Arial||||||||&#8221; text_text_color=&#8221;#9c9c9c&#8221; header_font=&#8221;Arial||||||||&#8221; header_text_color=&#8221;#585858&#8243; header_font_size=&#8221;34px&#8221; width=&#8221;75%&#8221; module_alignment=&#8221;center&#8221; custom_margin=&#8221;20px|0px|20px|0px|false|false&#8221; custom_padding=&#8221;0px|0px|0px|0px|false|false&#8221; hover_enabled=&#8221;0&#8243; global_colors_info=&#8221;{}&#8221; sticky_enabled=&#8221;0&#8243;]The Mercedes Benz E Class is another of the basic pillars of the exclusive German brand of luxury vehicles. Launched in 1993, it is the result of eight generations of vehicles, the result of innovation, new technologies and setting new design standards.<\/p>\n<p>It is the only Class to present such a richness and variety of bodies and special constructions of long chassis and limousines.[\/et_pb_text][\/et_pb_column][\/et_pb_row][et_pb_row _builder_version=&#8221;4.17.4&#8243; _module_preset=&#8221;default&#8221; module_alignment=&#8221;center&#8221; custom_margin=&#8221;0px|0px|0px|0px|false|false&#8221; custom_padding=&#8221;0px|0px|0px|0px|false|false&#8221; global_colors_info=&#8221;{}&#8221;][et_pb_column type=&#8221;4_4&#8243; _builder_version=&#8221;4.17.4&#8243; _module_preset=&#8221;default&#8221; global_colors_info=&#8221;{}&#8221;][dica_divi_carousel item_width_auto=&#8221;on&#8221; transition_duration=&#8221;2000&#8243; centermode=&#8221;on&#8221; loop=&#8221;on&#8221; autoplay=&#8221;on&#8221; hoverpause=&#8221;on&#8221; autoplay_speed=&#8221;4000&#8243; arrow_nav=&#8221;on&#8221; dot_nav=&#8221;on&#8221; item_spacing=&#8221;25&#8243; advanced_effect=&#8221;coverflow&#8221; coverflow_shadow=&#8221;off&#8221; arrow_nav_color=&#8221;#c9c9c9&#8243; arrow_bg_color=&#8221;RGBA(255,255,255,0)&#8221; dots_active_color=&#8221;#000000&#8243; arrow_font_size=&#8221;40px&#8221; carousel_container_margin=&#8221;0px|0px|0px|0px|false|false&#8221; carousel_container_padding=&#8221;0px|0px|0px|0px|false|false&#8221; innercontent_padding=&#8221;0px|0px|0px|0px|false|false&#8221; item_padding=&#8221;0px|0px|0px|0px|false|false&#8221; image_container_margin=&#8221;0px|0px|0px|0px|false|false&#8221; image_container_padding=&#8221;0px|0px|0px|0px|false|false&#8221; image_padding=&#8221;0px|0px|0px|0px|false|false&#8221; title_margin=&#8221;0px|0px|0px|0px|false|false&#8221; title_padding=&#8221;0px|0px|0px|0px|false|false&#8221; subtitle_margin=&#8221;0px|0px|0px|0px|false|false&#8221; subtitle_padding=&#8221;0px|0px|0px|0px|false|false&#8221; text_margin=&#8221;0px|0px|0px|0px|false|false&#8221; text_padding=&#8221;0px|0px|0px|0px|false|false&#8221; button_margin=&#8221;0px|0px|0px|0px|false|false&#8221; button_padding=&#8221;0px|0px|0px|0px|false|false&#8221; content_container_margin=&#8221;0px|0px|0px|0px|false|false&#8221; content_container_padding=&#8221;0px|0px|0px|0px|false|false&#8221; social_container_margin=&#8221;0px|0px|0px|0px|false|false&#8221; social_container_padding=&#8221;0px|0px|0px|0px|false|false&#8221; social_item_margin=&#8221;0px|0px|0px|0px|false|false&#8221; social_item_padding=&#8221;0px|0px|0px|0px|false|false&#8221; rating_container_margin=&#8221;0px|0px|0px|0px|false|false&#8221; _builder_version=&#8221;4.17.4&#8243; _module_preset=&#8221;default&#8221; nav_icon_line_height=&#8221;0em&#8221; custom_margin=&#8221;0px|15px|15px|0px|false|false&#8221; custom_padding=&#8221;0px|0px|0px|0px|false|false&#8221; global_colors_info=&#8221;{}&#8221;][dica_divi_carouselitem button_url_new_window=&#8221;1&#8243; image=&#8221;https:\/\/www.iberiacargt.com\/wp-content\/uploads\/2023\/01\/mercedes-clase-e-v4.jpg&#8221; _builder_version=&#8221;4.17.4&#8243; _module_preset=&#8221;default&#8221; global_colors_info=&#8221;{}&#8221;][\/dica_divi_carouselitem][dica_divi_carouselitem button_url_new_window=&#8221;1&#8243; image=&#8221;https:\/\/www.iberiacargt.com\/wp-content\/uploads\/2023\/01\/mercedes-clase-e-v2.jpg&#8221; _builder_version=&#8221;4.17.4&#8243; _module_preset=&#8221;default&#8221; global_colors_info=&#8221;{}&#8221;][\/dica_divi_carouselitem][dica_divi_carouselitem button_url_new_window=&#8221;1&#8243; image=&#8221;https:\/\/www.iberiacargt.com\/wp-content\/uploads\/2023\/01\/mercedes-clase-e-reposa-cabezas.jpg&#8221; _builder_version=&#8221;4.17.4&#8243; _module_preset=&#8221;default&#8221; global_colors_info=&#8221;{}&#8221;][\/dica_divi_carouselitem][dica_divi_carouselitem button_url_new_window=&#8221;1&#8243; image=&#8221;https:\/\/www.iberiacargt.com\/wp-content\/uploads\/2023\/01\/mercedes-clase-e-conduccion.jpg&#8221; _builder_version=&#8221;4.17.4&#8243; _module_preset=&#8221;default&#8221; global_colors_info=&#8221;{}&#8221;][\/dica_divi_carouselitem][\/dica_divi_carousel][et_pb_button button_url=&#8221;https:\/\/www.iberiacargt.com\/en\/bookings&#8221; button_text=&#8221;Book Now&#8221; button_alignment=&#8221;right&#8221; _builder_version=&#8221;4.17.4&#8243; _module_preset=&#8221;default&#8221; custom_button=&#8221;on&#8221; button_text_color=&#8221;#FFFFFF&#8221; button_bg_color=&#8221;#6c96a5&#8243; button_border_width=&#8221;0px&#8221; button_border_radius=&#8221;4px&#8221; button_font=&#8221;Arial||||||||&#8221; background_layout=&#8221;dark&#8221; custom_margin=&#8221;0px|15px|20px|0px|false|false&#8221; custom_padding=&#8221;10px|30px|10px|30px|false|false&#8221; hover_enabled=&#8221;0&#8243; global_colors_info=&#8221;{}&#8221; sticky_enabled=&#8221;0&#8243;][\/et_pb_button][\/et_pb_column][\/et_pb_row][et_pb_row _builder_version=&#8221;4.17.4&#8243; _module_preset=&#8221;default&#8221; width=&#8221;100%&#8221; custom_margin=&#8221;0px|0px|0px|0px|false|false&#8221; custom_padding=&#8221;0px|0px|0px|0px|false|false&#8221; collapsed=&#8221;off&#8221; global_colors_info=&#8221;{}&#8221;][et_pb_column type=&#8221;4_4&#8243; _builder_version=&#8221;4.17.4&#8243; _module_preset=&#8221;default&#8221; custom_padding=&#8221;0px|0px|0px|0px|false|false&#8221; global_colors_info=&#8221;{}&#8221;][et_pb_divider color=&#8221;#363636&#8243; divider_position=&#8221;bottom&#8221; divider_weight=&#8221;40px&#8221; _builder_version=&#8221;4.17.4&#8243; _module_preset=&#8221;default&#8221; module_alignment=&#8221;center&#8221; custom_margin=&#8221;0px|0px|50px|0px|false|false&#8221; custom_margin_tablet=&#8221;||10px||false|false&#8221; custom_margin_phone=&#8221;||10px||false|false&#8221; custom_margin_last_edited=&#8221;on|tablet&#8221; custom_padding=&#8221;20px|0px|0px|0px|false|false&#8221; global_colors_info=&#8221;{}&#8221;][\/et_pb_divider][\/et_pb_column][\/et_pb_row][\/et_pb_section]<\/p>\n","protected":false},"excerpt":{"rendered":"<p>MERCEDES BENZ E CLASSThe Mercedes Benz E Class is another of the basic pillars of the exclusive German brand of luxury vehicles. Launched in 1993, it is the result of eight generations of vehicles, the result of innovation, new technologies and setting new design standards. It is the only Class to present such a richness [&hellip;]<\/p>\n","protected":false},"author":1,"featured_media":0,"parent":628,"menu_order":0,"comment_status":"closed","ping_status":"closed","template":"","meta":{"_et_pb_use_builder":"on","_et_pb_old_content":"[et_pb_section fb_built=\"1\" module_id=\"id1\" module_class=\"cl1\" _builder_version=\"4.17.4\" _module_preset=\"default\" module_alignment=\"center\" custom_margin=\"0px|0px|0px|0px|false|false\" custom_padding=\"0px|0px|0px|0px|false|false\" global_colors_info=\"{}\"][et_pb_row _builder_version=\"4.17.4\" _module_preset=\"default\" width=\"100%\" border_width_all=\"4px\" border_color_all=\"#e9e9e9\" global_colors_info=\"{}\"][et_pb_column type=\"4_4\" _builder_version=\"4.17.4\" _module_preset=\"default\" global_colors_info=\"{}\"][et_pb_image src=\"https:\/\/www.iberiacargt.com\/wp-content\/uploads\/2023\/01\/alquiler-de-coches-con-conductor-6-plazas.jpg\" alt=\"Alquiler de coches con conductor\" title_text=\"alquiler-de-coches-con-conductor-6-plazas\" _builder_version=\"4.17.4\" _module_preset=\"default\" global_colors_info=\"{}\"][\/et_pb_image][\/et_pb_column][\/et_pb_row][et_pb_row _builder_version=\"4.17.4\" _module_preset=\"default\" global_colors_info=\"{}\"][et_pb_column type=\"4_4\" _builder_version=\"4.17.4\" _module_preset=\"default\" global_colors_info=\"{}\"][et_pb_text _builder_version=\"4.17.4\" _module_preset=\"default\" text_font=\"Arial||||||||\" text_text_color=\"#9c9c9c\" header_font=\"Arial||||||||\" header_text_color=\"#585858\" header_font_size=\"34px\" custom_margin=\"20px|0px|0px|0px|false|false\" custom_padding=\"0px|0px|0px|0px|false|false\" hover_enabled=\"0\" header_font_size_tablet=\"32px\" header_font_size_phone=\"30px\" header_font_size_last_edited=\"on|desktop\" global_colors_info=\"{}\" sticky_enabled=\"0\"]\n<h1 style=\"text-align: center;\">MERCEDES BENZ E CLASS<\/h1>\n[\/et_pb_text][et_pb_text _builder_version=\"4.17.4\" _module_preset=\"default\" text_font=\"Arial||||||||\" text_text_color=\"#9c9c9c\" header_font=\"Arial||||||||\" header_text_color=\"#585858\" header_font_size=\"34px\" width=\"75%\" module_alignment=\"center\" custom_margin=\"20px|0px|20px|0px|false|false\" custom_padding=\"0px|0px|0px|0px|false|false\" global_colors_info=\"{}\"]El Mercedes-Benz Clase E constituye otro de los puntales b\u00e1sicos de la exclusiva marca alemana de veh\u00edculos de lujo. Lanzado en 1993, es el resultado de ocho generaciones de veh\u00edculos, resultado de la innovaci\u00f3n, nuevas tecnolog\u00edas y establecimiento de nuevos est\u00e1ndares de dise\u00f1o.\n\nEs la \u00fanica Clase que presenta tal riqueza y variedad de carrocer\u00edas y construcciones especiales de chasis largos y limusinas.[\/et_pb_text][\/et_pb_column][\/et_pb_row][et_pb_row _builder_version=\"4.17.4\" _module_preset=\"default\" module_alignment=\"center\" custom_margin=\"0px|0px|0px|0px|false|false\" custom_padding=\"0px|0px|0px|0px|false|false\" global_colors_info=\"{}\"][et_pb_column type=\"4_4\" _builder_version=\"4.17.4\" _module_preset=\"default\" global_colors_info=\"{}\"][dica_divi_carousel item_width_auto=\"on\" transition_duration=\"2000\" centermode=\"on\" loop=\"on\" autoplay=\"on\" hoverpause=\"on\" autoplay_speed=\"4000\" arrow_nav=\"on\" dot_nav=\"on\" item_spacing=\"25\" advanced_effect=\"coverflow\" coverflow_shadow=\"off\" arrow_nav_color=\"#c9c9c9\" arrow_bg_color=\"RGBA(255,255,255,0)\" dots_active_color=\"#000000\" arrow_font_size=\"40px\" carousel_container_margin=\"0px|0px|0px|0px|false|false\" carousel_container_padding=\"0px|0px|0px|0px|false|false\" innercontent_padding=\"0px|0px|0px|0px|false|false\" item_padding=\"0px|0px|0px|0px|false|false\" image_container_margin=\"0px|0px|0px|0px|false|false\" image_container_padding=\"0px|0px|0px|0px|false|false\" image_padding=\"0px|0px|0px|0px|false|false\" title_margin=\"0px|0px|0px|0px|false|false\" title_padding=\"0px|0px|0px|0px|false|false\" subtitle_margin=\"0px|0px|0px|0px|false|false\" subtitle_padding=\"0px|0px|0px|0px|false|false\" text_margin=\"0px|0px|0px|0px|false|false\" text_padding=\"0px|0px|0px|0px|false|false\" button_margin=\"0px|0px|0px|0px|false|false\" button_padding=\"0px|0px|0px|0px|false|false\" content_container_margin=\"0px|0px|0px|0px|false|false\" content_container_padding=\"0px|0px|0px|0px|false|false\" social_container_margin=\"0px|0px|0px|0px|false|false\" social_container_padding=\"0px|0px|0px|0px|false|false\" social_item_margin=\"0px|0px|0px|0px|false|false\" social_item_padding=\"0px|0px|0px|0px|false|false\" rating_container_margin=\"0px|0px|0px|0px|false|false\" _builder_version=\"4.17.4\" _module_preset=\"default\" nav_icon_line_height=\"0em\" custom_margin=\"0px|15px|15px|0px|false|false\" custom_padding=\"0px|0px|0px|0px|false|false\" global_colors_info=\"{}\"][dica_divi_carouselitem button_url_new_window=\"1\" image=\"https:\/\/www.iberiacargt.com\/wp-content\/uploads\/2023\/01\/mercedes-clase-e-v4.jpg\" _builder_version=\"4.17.4\" _module_preset=\"default\" global_colors_info=\"{}\"][\/dica_divi_carouselitem][dica_divi_carouselitem button_url_new_window=\"1\" image=\"https:\/\/www.iberiacargt.com\/wp-content\/uploads\/2023\/01\/mercedes-clase-e-v2.jpg\" _builder_version=\"4.17.4\" _module_preset=\"default\" global_colors_info=\"{}\"][\/dica_divi_carouselitem][dica_divi_carouselitem button_url_new_window=\"1\" image=\"https:\/\/www.iberiacargt.com\/wp-content\/uploads\/2023\/01\/mercedes-clase-e-reposa-cabezas.jpg\" _builder_version=\"4.17.4\" _module_preset=\"default\" global_colors_info=\"{}\"][\/dica_divi_carouselitem][dica_divi_carouselitem button_url_new_window=\"1\" image=\"https:\/\/www.iberiacargt.com\/wp-content\/uploads\/2023\/01\/mercedes-clase-e-conduccion.jpg\" _builder_version=\"4.17.4\" _module_preset=\"default\" global_colors_info=\"{}\"][\/dica_divi_carouselitem][\/dica_divi_carousel][et_pb_button button_url=\"https:\/\/www.iberiacargt.com\/reservas\/\" button_text=\"Reserva ahora\" button_alignment=\"right\" _builder_version=\"4.17.4\" _module_preset=\"default\" custom_button=\"on\" button_text_color=\"#FFFFFF\" button_bg_color=\"#6c96a5\" button_border_width=\"0px\" button_border_radius=\"4px\" button_font=\"Arial||||||||\" background_layout=\"dark\" custom_margin=\"0px|15px|20px|0px|false|false\" custom_padding=\"10px|30px|10px|30px|false|false\" global_colors_info=\"{}\"][\/et_pb_button][\/et_pb_column][\/et_pb_row][et_pb_row _builder_version=\"4.17.4\" _module_preset=\"default\" width=\"100%\" custom_margin=\"0px|0px|0px|0px|false|false\" custom_padding=\"0px|0px|0px|0px|false|false\" collapsed=\"off\" global_colors_info=\"{}\"][et_pb_column type=\"4_4\" _builder_version=\"4.17.4\" _module_preset=\"default\" custom_padding=\"0px|0px|0px|0px|false|false\" global_colors_info=\"{}\"][et_pb_divider color=\"#363636\" divider_position=\"bottom\" divider_weight=\"40px\" _builder_version=\"4.17.4\" _module_preset=\"default\" module_alignment=\"center\" custom_margin=\"0px|0px|50px|0px|false|false\" custom_margin_tablet=\"||10px||false|false\" custom_margin_phone=\"||10px||false|false\" custom_margin_last_edited=\"on|tablet\" custom_padding=\"20px|0px|0px|0px|false|false\" global_colors_info=\"{}\"][\/et_pb_divider][\/et_pb_column][\/et_pb_row][\/et_pb_section]","_et_gb_content_width":"","footnotes":""},"class_list":["post-642","page","type-page","status-publish","hentry"],"_links":{"self":[{"href":"https:\/\/www.iberiacargt.com\/en\/wp-json\/wp\/v2\/pages\/642","targetHints":{"allow":["GET"]}}],"collection":[{"href":"https:\/\/www.iberiacargt.com\/en\/wp-json\/wp\/v2\/pages"}],"about":[{"href":"https:\/\/www.iberiacargt.com\/en\/wp-json\/wp\/v2\/types\/page"}],"author":[{"embeddable":true,"href":"https:\/\/www.iberiacargt.com\/en\/wp-json\/wp\/v2\/users\/1"}],"replies":[{"embeddable":true,"href":"https:\/\/www.iberiacargt.com\/en\/wp-json\/wp\/v2\/comments?post=642"}],"version-history":[{"count":0,"href":"https:\/\/www.iberiacargt.com\/en\/wp-json\/wp\/v2\/pages\/642\/revisions"}],"up":[{"embeddable":true,"href":"https:\/\/www.iberiacargt.com\/en\/wp-json\/wp\/v2\/pages\/628"}],"wp:attachment":[{"href":"https:\/\/www.iberiacargt.com\/en\/wp-json\/wp\/v2\/media?parent=642"}],"curies":[{"name":"wp","href":"https:\/\/api.w.org\/{rel}","templated":true}]}}